{"id":464,"date":"2026-04-20T09:23:58","date_gmt":"2026-04-20T09:23:58","guid":{"rendered":"https:\/\/transfersjames.com\/reiseziele\/"},"modified":"2026-04-29T06:57:58","modified_gmt":"2026-04-29T06:57:58","slug":"reiseziele","status":"publish","type":"page","link":"https:\/\/transfersjames.com\/de\/reiseziele\/","title":{"rendered":"Reiseziele"},"content":{"rendered":"<p>[et_pb_section fb_built=&#8220;1&#8243; _builder_version=&#8220;4.27.6&#8243; _module_preset=&#8220;default&#8220; background_color=&#8220;rgba(10,39,60,0.2)&#8220; background_image=&#8220;https:\/\/transfersjames.com\/wp-content\/uploads\/2026\/04\/Gracias.jpg&#8220; background_blend=&#8220;multiply&#8220; custom_margin=&#8220;|30px||30px|false|true&#8220; custom_margin_tablet=&#8220;60px|30px||30px|false|true&#8220; custom_margin_phone=&#8220;60px|20px||20px|false|true&#8220; custom_margin_last_edited=&#8220;on|phone&#8220; custom_padding=&#8220;4.5%||4.5%||true|false&#8220; border_radii=&#8220;on|20px|20px|20px|20px&#8220; locked=&#8220;off&#8220; global_colors_info=&#8220;{}&#8220;][et_pb_row custom_padding_last_edited=&#8220;on|phone&#8220; _builder_version=&#8220;4.27.6&#8243; _module_preset=&#8220;default&#8220; width=&#8220;90%&#8220; max_width=&#8220;90%&#8220; custom_margin_tablet=&#8220;&#8220; custom_margin_phone=&#8220;60px||0px||false|false&#8220; custom_margin_last_edited=&#8220;on|phone&#8220; custom_padding_tablet=&#8220;&#8220; custom_padding_phone=&#8220;||0px||false|false&#8220; animation_style=&#8220;fade&#8220; global_colors_info=&#8220;{}&#8220;][et_pb_column type=&#8220;4_4&#8243; _builder_version=&#8220;4.27.6&#8243; _module_preset=&#8220;default&#8220; custom_padding_tablet=&#8220;&#8220; custom_padding_phone=&#8220;60px||||false|false&#8220; custom_padding_last_edited=&#8220;on|phone&#8220; global_colors_info=&#8220;{}&#8220;][et_pb_text _builder_version=&#8220;4.27.6&#8243; _module_preset=&#8220;default&#8220; header_font=&#8220;Manrope||||||||&#8220; header_text_color=&#8220;#FFFFFF&#8220; header_font_size=&#8220;38px&#8220; header_letter_spacing=&#8220;-0.5px&#8220; width=&#8220;540px&#8220; custom_margin=&#8220;||5px||false|false&#8220; custom_padding_tablet=&#8220;&#8220; custom_padding_phone=&#8220;||0px||false|false&#8220; custom_padding_last_edited=&#8220;on|phone&#8220; header_font_size_tablet=&#8220;48px&#8220; header_font_size_phone=&#8220;32px&#8220; header_font_size_last_edited=&#8220;on|phone&#8220; global_colors_info=&#8220;{}&#8220;]<\/p>\n<h1>Reisen <strong>Sie stressfrei<\/strong><br \/>zu den <strong>sch\u00f6nsten Reisezielen<\/strong><\/h1>\n<p>[\/et_pb_text][et_pb_text _builder_version=&#8220;4.27.6&#8243; _module_preset=&#8220;default&#8220; text_font=&#8220;Manrope|600|||||||&#8220; text_text_color=&#8220;#FFFFFF&#8220; text_font_size=&#8220;17px&#8220; text_letter_spacing=&#8220;-0.5px&#8220; text_line_height=&#8220;1.2em&#8220; header_2_font=&#8220;Italiana|700|||||||&#8220; header_2_text_color=&#8220;#FFFFFF&#8220; header_2_font_size=&#8220;32px&#8220; header_2_letter_spacing=&#8220;0.5px&#8220; header_2_line_height=&#8220;1.2em&#8220; max_width=&#8220;400px&#8220; module_alignment=&#8220;left&#8220; custom_margin=&#8220;||0px||false|false&#8220; header_font_size_tablet=&#8220;&#8220; header_font_size_phone=&#8220;28px&#8220; header_font_size_last_edited=&#8220;on|phone&#8220; header_2_font_size_tablet=&#8220;30px&#8220; header_2_font_size_phone=&#8220;28px&#8220; header_2_font_size_last_edited=&#8220;on|desktop&#8220; global_colors_info=&#8220;{}&#8220;]<\/p>\n<p data-start=\"88\" data-end=\"260\">Mallorca lockt jedes Jahr Reisende aus aller Welt an, weil es so vielf\u00e4ltige Landschaften und Erlebnisse bietet.<\/p>\n<p>[\/et_pb_text][et_pb_button button_url=&#8220;#Contacto&#8220; button_text=&#8220;Sehen Sie sich die Reiseziele an.&#8220; _builder_version=&#8220;4.27.6&#8243; _module_preset=&#8220;default&#8220; custom_button=&#8220;on&#8220; button_text_size=&#8220;14px&#8220; button_text_color=&#8220;#FFFFFF&#8220; button_bg_color=&#8220;#1C1D1D&#8220; button_border_width=&#8220;0px&#8220; button_border_color=&#8220;#FFFFFF&#8220; button_border_radius=&#8220;30px&#8220; button_font=&#8220;Manrope|600|||||||&#8220; button_use_icon=&#8220;off&#8220; custom_margin=&#8220;20px||30px||false|false&#8220; custom_padding=&#8220;13px|35px|13px|35px|false|false&#8220; global_colors_info=&#8220;{}&#8220; button_text_color__hover=&#8220;#1C1D1D&#8220; button_text_color__hover_enabled=&#8220;on|hover&#8220; button_bg_color__hover=&#8220;#E5E4E2&#8243; button_bg_color__hover_enabled=&#8220;on|hover&#8220; button_border_color__hover=&#8220;#0e5075&#8243; button_border_color__hover_enabled=&#8220;on|hover&#8220; button_letter_spacing__hover=&#8220;0px&#8220; button_letter_spacing__hover_enabled=&#8220;on|hover&#8220; button_bg_enable_color__hover=&#8220;on&#8220;][\/et_pb_button][\/et_pb_column][\/et_pb_row][\/et_pb_section][et_pb_section fb_built=&#8220;1&#8243; module_id=&#8220;Reiseziele&#8220; _builder_version=&#8220;4.27.6&#8243; _module_preset=&#8220;default&#8220; background_color=&#8220;#f5f5f7&#8243; custom_padding=&#8220;80px||80px||true|false&#8220; global_colors_info=&#8220;{}&#8220;][et_pb_row column_structure=&#8220;1_2,1_2&#8243; _builder_version=&#8220;4.27.6&#8243; _module_preset=&#8220;default&#8220; width=&#8220;87%&#8220; max_width=&#8220;87%&#8220; custom_margin=&#8220;||||false|false&#8220; animation_style=&#8220;fade&#8220; animation_direction=&#8220;bottom&#8220; animation_speed_curve=&#8220;ease&#8220; global_colors_info=&#8220;{}&#8220;][et_pb_column type=&#8220;1_2&#8243; _builder_version=&#8220;4.20.4&#8243; _module_preset=&#8220;default&#8220; custom_padding=&#8220;0px||0px||false|false&#8220; global_colors_info=&#8220;{}&#8220;][et_pb_text content_tablet=&#8220;<\/p>\n<p style=%22text-align: center;%22>Finden Sie uns<\/p>\n<p>&#8220; content_phone=&#8220;<\/p>\n<p style=%22text-align: center;%22>Finden Sie uns<\/p>\n<\/p>\n<p>&#8220; content_last_edited=&#8220;off|desktop&#8220; _builder_version=&#8220;4.27.6&#8243; text_font=&#8220;Manrope|800||on|||||&#8220; text_text_color=&#8220;#6E6E73&#8243; text_font_size=&#8220;10px&#8220; text_letter_spacing=&#8220;1px&#8220; text_line_height=&#8220;1.2em&#8220; custom_margin=&#8220;||2%||false|false&#8220; text_line_height_tablet=&#8220;&#8220; text_line_height_phone=&#8220;1.3em&#8220; text_line_height_last_edited=&#8220;on|desktop&#8220; locked=&#8220;off&#8220; global_colors_info=&#8220;{}&#8220;]<\/p>\n<p style=\"text-align: left;\">REISEN OHNE KOMPLIKATIONEN<\/p>\n<p>[\/et_pb_text][et_pb_text _builder_version=&#8220;4.27.6&#8243; _module_preset=&#8220;default&#8220; text_font=&#8220;Lato||||||||&#8220; text_text_color=&#8220;#FFFFFF&#8220; text_font_size=&#8220;18px&#8220; text_letter_spacing=&#8220;-0.5px&#8220; text_line_height=&#8220;1.4em&#8220; header_font=&#8220;Plus Jakarta Sans|300|||||||&#8220; header_text_color=&#8220;#e5e4e2&#8243; header_font_size=&#8220;56px&#8220; header_letter_spacing=&#8220;-1px&#8220; header_2_font=&#8220;Manrope|600|||||||&#8220; header_2_text_color=&#8220;#1C1D1D&#8220; header_2_font_size=&#8220;32px&#8220; header_2_letter_spacing=&#8220;-0.8px&#8220; header_5_font=&#8220;Lato|||on|||||&#8220; header_5_text_color=&#8220;#FFFFFF&#8220; header_5_font_size=&#8220;15px&#8220; header_5_letter_spacing=&#8220;0.5px&#8220; max_width=&#8220;700px&#8220; max_width_tablet=&#8220;100%&#8220; max_width_phone=&#8220;100%&#8220; max_width_last_edited=&#8220;on|tablet&#8220; module_alignment=&#8220;left&#8220; header_font_size_tablet=&#8220;52px&#8220; header_font_size_phone=&#8220;40px&#8220; header_font_size_last_edited=&#8220;on|phone&#8220; header_2_font_size_tablet=&#8220;28px&#8220; header_2_font_size_phone=&#8220;24px&#8220; header_2_font_size_last_edited=&#8220;on|phone&#8220; global_colors_info=&#8220;{}&#8220;]<\/p>\n<h2 style=\"text-align: left;\">Die <strong>beliebtesten Reiseziele<\/strong><\/h2>\n<p>[\/et_pb_text][\/et_pb_column][et_pb_column type=&#8220;1_2&#8243; _builder_version=&#8220;4.20.4&#8243; _module_preset=&#8220;default&#8220; custom_padding=&#8220;0px||0px||false|false&#8220; global_colors_info=&#8220;{}&#8220;][et_pb_text _builder_version=&#8220;4.27.6&#8243; _module_preset=&#8220;default&#8220; text_font=&#8220;Manrope||||||||&#8220; text_text_color=&#8220;#6E6E73&#8243; text_font_size=&#8220;19px&#8220; text_letter_spacing=&#8220;-0.5px&#8220; text_line_height=&#8220;1.3em&#8220; header_2_font=&#8220;Italiana|700|||||||&#8220; header_2_text_color=&#8220;#FFFFFF&#8220; header_2_font_size=&#8220;32px&#8220; header_2_letter_spacing=&#8220;0.5px&#8220; header_2_line_height=&#8220;1.2em&#8220; max_width=&#8220;520px&#8220; module_alignment=&#8220;left&#8220; custom_margin=&#8220;||0px||false|false&#8220; header_font_size_tablet=&#8220;&#8220; header_font_size_phone=&#8220;28px&#8220; header_font_size_last_edited=&#8220;on|phone&#8220; header_2_font_size_tablet=&#8220;30px&#8220; header_2_font_size_phone=&#8220;28px&#8220; header_2_font_size_last_edited=&#8220;on|desktop&#8220; global_colors_info=&#8220;{}&#8220;]<\/p>\n<div class=\"text\">\n<div class=\"text\">\n<p>Die Insel vereint kristallklare Buchten mit Bergpfaden, exzellenten Golfpl\u00e4tzen und Radwegen.<\/p>\n<p>Neben der atemberaubenden Landschaft l\u00e4dt sie zum Verweilen in charmanten St\u00e4dtchen ein, wo man ziellos umherwandern und die lokale K\u00fcche genie\u00dfen kann. Abgerundet wird das Erlebnis durch ein reiches kulturelles Erbe mit historischen Denkm\u00e4lern und Museen.<\/p>\n<\/div>\n<p><\/div>\n<p>[\/et_pb_text][\/et_pb_column][\/et_pb_row][et_pb_row column_structure=&#8220;1_3,1_3,1_3&#8243; use_custom_gutter=&#8220;on&#8220; gutter_width=&#8220;2&#8243; _builder_version=&#8220;4.27.6&#8243; _module_preset=&#8220;default&#8220; width=&#8220;87%&#8220; max_width=&#8220;87%&#8220; custom_margin=&#8220;||||false|false&#8220; custom_padding=&#8220;||||false|false&#8220; animation_style=&#8220;fade&#8220; global_colors_info=&#8220;{}&#8220;][et_pb_column type=&#8220;1_3&#8243; _builder_version=&#8220;4.27.6&#8243; _module_preset=&#8220;default&#8220; background_enable_color=&#8220;off&#8220; global_colors_info=&#8220;{}&#8220; custom_padding__hover_enabled=&#8220;on|desktop&#8220;][et_pb_blurb title=&#8220;Kolonie Sant Pere&#8220; image=&#8220;https:\/\/transfersjames.com\/wp-content\/uploads\/2026\/04\/Colonia_Sant_Pere.jpg&#8220; alt=&#8220;Kolonie Sant Pere&#8220; _builder_version=&#8220;4.27.6&#8243; _module_preset=&#8220;default&#8220; header_font=&#8220;Manrope|600|||||||&#8220; header_font_size=&#8220;22px&#8220; header_letter_spacing=&#8220;-0.2px&#8220; body_font=&#8220;Manrope||||||||&#8220; body_text_color=&#8220;#6E6E73&#8243; body_font_size=&#8220;15px&#8220; body_line_height=&#8220;1.4em&#8220; custom_margin=&#8220;||0px||false|false&#8220; custom_padding=&#8220;||4%||false|false&#8220; custom_css_after=&#8220;    content: %22Fahrt ab 95\u20ac%22;||    position: absolute;||    z-index: 100;||    top: 15px;||    margin-left: 15px;||    \/* width: 100%; *\/||    font-family: &#8218;Manrope&#8216;,Helvetica,Arial,Lucida,sans-serif;||    font-weight: 700;||    font-size: 12px;||    color: #ffffff;||    background: #1c1c1c;||    border-radius: 30px;||    padding: 7px 14px;||    height: 20px;||    line-height: 20px;&#8220; border_radii_image=&#8220;on|10px|10px|10px|10px&#8220; global_colors_info=&#8220;{}&#8220;]<\/p>\n<p>Buchen Sie Ihren privaten und professionellen Transfer zwischen dem Flughafen Palma und Col\u00f2nia de Sant Pere.<\/p>\n<p>[\/et_pb_blurb][\/et_pb_column][et_pb_column type=&#8220;1_3&#8243; _builder_version=&#8220;4.20.4&#8243; _module_preset=&#8220;default&#8220; global_colors_info=&#8220;{}&#8220;][et_pb_blurb title=&#8220;Pollen\u00e7a&#8220; image=&#8220;https:\/\/transfersjames.com\/wp-content\/uploads\/2026\/04\/Pollenca.jpg&#8220; alt=&#8220;Pollen\u00e7a&#8220; _builder_version=&#8220;4.27.6&#8243; _module_preset=&#8220;default&#8220; header_font=&#8220;Manrope|600|||||||&#8220; header_font_size=&#8220;22px&#8220; header_letter_spacing=&#8220;-0.2px&#8220; body_font=&#8220;Manrope||||||||&#8220; body_text_color=&#8220;#6E6E73&#8243; body_font_size=&#8220;15px&#8220; body_line_height=&#8220;1.4em&#8220; custom_margin=&#8220;||0px||false|false&#8220; custom_padding=&#8220;||4%||false|false&#8220; custom_css_after=&#8220;    content: %22Fahrt ab 85\u20ac%22;||    position: absolute;||    z-index: 100;||    top: 15px;||    margin-left: 15px;||    \/* width: 100%; *\/||    font-family: &#8218;Manrope&#8216;,Helvetica,Arial,Lucida,sans-serif;||    font-weight: 700;||    font-size: 12px;||    color: #ffffff;||    background: #1c1c1c;||    border-radius: 30px;||    padding: 7px 14px;||    height: 20px;||    line-height: 20px;&#8220; border_radii_image=&#8220;on|10px|10px|10px|10px&#8220; global_colors_info=&#8220;{}&#8220;]<\/p>\n<p>Buchen Sie einen privaten und professionellen Transfer zwischen dem Flughafen Palma und Pollen\u00e7a.<\/p>\n<p>[\/et_pb_blurb][\/et_pb_column][et_pb_column type=&#8220;1_3&#8243; _builder_version=&#8220;4.20.4&#8243; _module_preset=&#8220;default&#8220; global_colors_info=&#8220;{}&#8220;][et_pb_blurb title=&#8220;Port de Pollen\u00e7a&#8220; image=&#8220;https:\/\/transfersjames.com\/wp-content\/uploads\/2026\/04\/Port_de_Pollenca.jpg&#8220; alt=&#8220;Port de Pollen\u00e7a&#8220; _builder_version=&#8220;4.27.6&#8243; _module_preset=&#8220;default&#8220; header_font=&#8220;Manrope|600|||||||&#8220; header_font_size=&#8220;22px&#8220; header_letter_spacing=&#8220;-0.2px&#8220; body_font=&#8220;Manrope||||||||&#8220; body_text_color=&#8220;#6E6E73&#8243; body_font_size=&#8220;15px&#8220; body_line_height=&#8220;1.4em&#8220; custom_margin=&#8220;||0px||false|false&#8220; custom_padding=&#8220;||4%||false|false&#8220; custom_css_after=&#8220;    content: %22Fahrt ab 85\u20ac%22;||    position: absolute;||    z-index: 100;||    top: 15px;||    margin-left: 15px;||    \/* width: 100%; *\/||    font-family: &#8218;Manrope&#8216;,Helvetica,Arial,Lucida,sans-serif;||    font-weight: 700;||    font-size: 12px;||    color: #ffffff;||    background: #1c1c1c;||    border-radius: 30px;||    padding: 7px 14px;||    height: 20px;||    line-height: 20px;&#8220; border_radii_image=&#8220;on|10px|10px|10px|10px&#8220; global_colors_info=&#8220;{}&#8220;]<\/p>\n<p>Buchen Sie einen privaten und professionellen Transfer zwischen dem Flughafen Palma und Puerto de Pollen\u00e7a.<\/p>\n<p>[\/et_pb_blurb][\/et_pb_column][\/et_pb_row][et_pb_row column_structure=&#8220;1_3,1_3,1_3&#8243; use_custom_gutter=&#8220;on&#8220; gutter_width=&#8220;2&#8243; _builder_version=&#8220;4.27.6&#8243; _module_preset=&#8220;default&#8220; width=&#8220;87%&#8220; max_width=&#8220;87%&#8220; custom_margin=&#8220;||||false|false&#8220; custom_padding=&#8220;||||false|false&#8220; animation_style=&#8220;fade&#8220; global_colors_info=&#8220;{}&#8220;][et_pb_column type=&#8220;1_3&#8243; _builder_version=&#8220;4.20.4&#8243; _module_preset=&#8220;default&#8220; global_colors_info=&#8220;{}&#8220;][et_pb_blurb title=&#8220;Art\u00e0&#8220; image=&#8220;https:\/\/transfersjames.com\/wp-content\/uploads\/2026\/04\/Arta.jpg&#8220; alt=&#8220;Art\u00e0&#8220; _builder_version=&#8220;4.27.6&#8243; _module_preset=&#8220;default&#8220; header_font=&#8220;Manrope|600|||||||&#8220; header_font_size=&#8220;22px&#8220; header_letter_spacing=&#8220;-0.2px&#8220; body_font=&#8220;Manrope||||||||&#8220; body_text_color=&#8220;#6E6E73&#8243; body_font_size=&#8220;15px&#8220; body_line_height=&#8220;1.4em&#8220; custom_margin=&#8220;||0px||false|false&#8220; custom_padding=&#8220;||4%||false|false&#8220; custom_css_after=&#8220;    content: %22Fahrt ab 95\u20ac%22;||    position: absolute;||    z-index: 100;||    top: 15px;||    margin-left: 15px;||    \/* width: 100%; *\/||    font-family: &#8218;Manrope&#8216;,Helvetica,Arial,Lucida,sans-serif;||    font-weight: 700;||    font-size: 12px;||    color: #ffffff;||    background: #1c1c1c;||    border-radius: 30px;||    padding: 7px 14px;||    height: 20px;||    line-height: 20px;&#8220; border_radii_image=&#8220;on|10px|10px|10px|10px&#8220; global_colors_info=&#8220;{}&#8220;]<\/p>\n<p>Hochwertiger privater Transfer: Reisen Sie komfortabel vom Flughafen Palma nach Art\u00e0.<\/p>\n<p>[\/et_pb_blurb][\/et_pb_column][et_pb_column type=&#8220;1_3&#8243; _builder_version=&#8220;4.20.4&#8243; _module_preset=&#8220;default&#8220; global_colors_info=&#8220;{}&#8220;][et_pb_blurb title=&#8220;Santa Margalida&#8220; image=&#8220;https:\/\/transfersjames.com\/wp-content\/uploads\/2026\/04\/Santa_Margalida.jpg&#8220; alt=&#8220;Santa Margalida&#8220; _builder_version=&#8220;4.27.6&#8243; _module_preset=&#8220;default&#8220; header_font=&#8220;Manrope|600|||||||&#8220; header_font_size=&#8220;22px&#8220; header_letter_spacing=&#8220;-0.2px&#8220; body_font=&#8220;Manrope||||||||&#8220; body_text_color=&#8220;#6E6E73&#8243; body_font_size=&#8220;15px&#8220; body_line_height=&#8220;1.4em&#8220; custom_margin=&#8220;||0px||false|false&#8220; custom_padding=&#8220;||4%||false|false&#8220; custom_css_after=&#8220;    content: %22Fahrt ab 85\u20ac%22;||    position: absolute;||    z-index: 100;||    top: 15px;||    margin-left: 15px;||    \/* width: 100%; *\/||    font-family: &#8218;Manrope&#8216;,Helvetica,Arial,Lucida,sans-serif;||    font-weight: 700;||    font-size: 12px;||    color: #ffffff;||    background: #1c1c1c;||    border-radius: 30px;||    padding: 7px 14px;||    height: 20px;||    line-height: 20px;&#8220; border_radii_image=&#8220;on|10px|10px|10px|10px&#8220; global_colors_info=&#8220;{}&#8220;]<\/p>\n<p data-path-to-node=\"4,0\">Zuverl\u00e4ssiger privater Transfer: keine Wartezeiten vom Flughafen Palma nach Santa Margalida.<\/p>\n<p>[\/et_pb_blurb][\/et_pb_column][et_pb_column type=&#8220;1_3&#8243; _builder_version=&#8220;4.20.4&#8243; _module_preset=&#8220;default&#8220; global_colors_info=&#8220;{}&#8220;][et_pb_blurb title=&#8220;Son Serra&#8220; image=&#8220;https:\/\/transfersjames.com\/wp-content\/uploads\/2026\/04\/Son_Serra_de_Marina.jpg&#8220; alt=&#8220;Son Serra de Marina&#8220; _builder_version=&#8220;4.27.6&#8243; _module_preset=&#8220;default&#8220; header_font=&#8220;Manrope|600|||||||&#8220; header_font_size=&#8220;22px&#8220; header_letter_spacing=&#8220;-0.2px&#8220; body_font=&#8220;Manrope||||||||&#8220; body_text_color=&#8220;#6E6E73&#8243; body_font_size=&#8220;15px&#8220; body_line_height=&#8220;1.4em&#8220; custom_margin=&#8220;||0px||false|false&#8220; custom_padding=&#8220;||4%||false|false&#8220; custom_css_after=&#8220;    content: %22Fahrt ab 95\u20ac%22;||    position: absolute;||    z-index: 100;||    top: 15px;||    margin-left: 15px;||    \/* width: 100%; *\/||    font-family: &#8218;Manrope&#8216;,Helvetica,Arial,Lucida,sans-serif;||    font-weight: 700;||    font-size: 12px;||    color: #ffffff;||    background: #1c1c1c;||    border-radius: 30px;||    padding: 7px 14px;||    height: 20px;||    line-height: 20px;&#8220; border_radii_image=&#8220;on|10px|10px|10px|10px&#8220; global_colors_info=&#8220;{}&#8220;]<\/p>\n<p data-path-to-node=\"4,0\">Privater und professioneller Transfer: Flughafen Palma \u2013 Son Serra de Marina.<\/p>\n<p>[\/et_pb_blurb][\/et_pb_column][\/et_pb_row][et_pb_row column_structure=&#8220;1_3,1_3,1_3&#8243; use_custom_gutter=&#8220;on&#8220; gutter_width=&#8220;2&#8243; _builder_version=&#8220;4.27.6&#8243; _module_preset=&#8220;default&#8220; width=&#8220;87%&#8220; max_width=&#8220;87%&#8220; custom_margin=&#8220;||||false|false&#8220; custom_padding=&#8220;||||false|false&#8220; animation_style=&#8220;fade&#8220; global_colors_info=&#8220;{}&#8220;][et_pb_column type=&#8220;1_3&#8243; _builder_version=&#8220;4.20.4&#8243; _module_preset=&#8220;default&#8220; global_colors_info=&#8220;{}&#8220;][et_pb_blurb title=&#8220;Alc\u00fadia&#8220; image=&#8220;https:\/\/transfersjames.com\/wp-content\/uploads\/2026\/04\/Alcudia.jpg&#8220; alt=&#8220;Alc\u00fadia&#8220; _builder_version=&#8220;4.27.6&#8243; _module_preset=&#8220;default&#8220; header_font=&#8220;Manrope|600|||||||&#8220; header_font_size=&#8220;22px&#8220; header_letter_spacing=&#8220;-0.2px&#8220; body_font=&#8220;Manrope||||||||&#8220; body_text_color=&#8220;#6E6E73&#8243; body_font_size=&#8220;15px&#8220; body_line_height=&#8220;1.4em&#8220; custom_margin=&#8220;||0px||false|false&#8220; custom_padding=&#8220;||4%||false|false&#8220; custom_css_after=&#8220;    content: %22Fahrt ab 85\u20ac%22;||    position: absolute;||    z-index: 100;||    top: 15px;||    margin-left: 15px;||    \/* width: 100%; *\/||    font-family: &#8218;Manrope&#8216;,Helvetica,Arial,Lucida,sans-serif;||    font-weight: 700;||    font-size: 12px;||    color: #ffffff;||    background: #1c1c1c;||    border-radius: 30px;||    padding: 7px 14px;||    height: 20px;||    line-height: 20px;&#8220; border_radii_image=&#8220;on|10px|10px|10px|10px&#8220; global_colors_info=&#8220;{}&#8220;]<\/p>\n<p>Buchen Sie einen privaten und professionellen Transfer zwischen dem Flughafen Palma und Alc\u00fadia.<\/p>\n<p>[\/et_pb_blurb][\/et_pb_column][et_pb_column type=&#8220;1_3&#8243; _builder_version=&#8220;4.27.6&#8243; _module_preset=&#8220;default&#8220; global_colors_info=&#8220;{}&#8220;][et_pb_blurb title=&#8220;Can Picafort&#8220; image=&#8220;https:\/\/transfersjames.com\/wp-content\/uploads\/2026\/04\/Can_Picafort.jpg&#8220; alt=&#8220;Can Picafort&#8220; _builder_version=&#8220;4.27.6&#8243; _module_preset=&#8220;default&#8220; header_font=&#8220;Manrope|600|||||||&#8220; header_font_size=&#8220;22px&#8220; header_letter_spacing=&#8220;-0.2px&#8220; body_font=&#8220;Manrope||||||||&#8220; body_text_color=&#8220;#6E6E73&#8243; body_font_size=&#8220;15px&#8220; body_line_height=&#8220;1.4em&#8220; custom_margin=&#8220;||0px||false|false&#8220; custom_padding=&#8220;||4%||false|false&#8220; custom_css_after=&#8220;    content: %22Fahrt ab 85\u20ac%22;||    position: absolute;||    z-index: 100;||    top: 15px;||    margin-left: 15px;||    \/* width: 100%; *\/||    font-family: &#8218;Manrope&#8216;,Helvetica,Arial,Lucida,sans-serif;||    font-weight: 700;||    font-size: 12px;||    color: #ffffff;||    background: #1c1c1c;||    border-radius: 30px;||    padding: 7px 14px;||    height: 20px;||    line-height: 20px;&#8220; border_radii_image=&#8220;on|10px|10px|10px|10px&#8220; global_colors_info=&#8220;{}&#8220;]<\/p>\n<p data-path-to-node=\"2,0\">Buchen Sie einen privaten und professionellen Transfer zwischen dem Flughafen Palma und Can Picafort.<\/p>\n<p>[\/et_pb_blurb][\/et_pb_column][et_pb_column type=&#8220;1_3&#8243; _builder_version=&#8220;4.27.6&#8243; _module_preset=&#8220;default&#8220; background_color=&#8220;#FFFFFF&#8220; custom_padding=&#8220;10%|5%|10%|5%|true|true&#8220; border_radii=&#8220;on|10px|10px|10px|10px&#8220; global_colors_info=&#8220;{}&#8220;][et_pb_text content_tablet=&#8220;<\/p>\n<p style=%22text-align: center;%22>Finden Sie uns<\/p>\n<p>&#8220; content_phone=&#8220;<\/p>\n<p style=%22text-align: center;%22>Finden Sie uns<\/p>\n<\/p>\n<p>&#8220; content_last_edited=&#8220;off|desktop&#8220; _builder_version=&#8220;4.27.6&#8243; text_font=&#8220;Manrope|800|||||||&#8220; text_text_color=&#8220;#6E6E73&#8243; text_font_size=&#8220;10px&#8220; text_letter_spacing=&#8220;1px&#8220; text_line_height=&#8220;1.2em&#8220; custom_margin=&#8220;||2%||false|false&#8220; text_line_height_tablet=&#8220;&#8220; text_line_height_phone=&#8220;1.3em&#8220; text_line_height_last_edited=&#8220;on|desktop&#8220; locked=&#8220;off&#8220; global_colors_info=&#8220;{}&#8220;]<\/p>\n<p style=\"text-align: left;\">KONTAKTFORMULAR<\/p>\n<p>[\/et_pb_text][et_pb_text _builder_version=&#8220;4.27.6&#8243; _module_preset=&#8220;default&#8220; text_font=&#8220;Lato||||||||&#8220; text_text_color=&#8220;#FFFFFF&#8220; text_font_size=&#8220;18px&#8220; text_letter_spacing=&#8220;-0.5px&#8220; text_line_height=&#8220;1.4em&#8220; header_font=&#8220;Plus Jakarta Sans|300|||||||&#8220; header_text_color=&#8220;#e5e4e2&#8243; header_font_size=&#8220;56px&#8220; header_letter_spacing=&#8220;-1px&#8220; header_2_font=&#8220;Manrope|600|||||||&#8220; header_2_text_color=&#8220;#1C1D1D&#8220; header_2_font_size=&#8220;32px&#8220; header_2_letter_spacing=&#8220;-0.8px&#8220; header_5_font=&#8220;Lato|||on|||||&#8220; header_5_text_color=&#8220;#FFFFFF&#8220; header_5_font_size=&#8220;15px&#8220; header_5_letter_spacing=&#8220;0.5px&#8220; max_width=&#8220;700px&#8220; max_width_tablet=&#8220;100%&#8220; max_width_phone=&#8220;100%&#8220; max_width_last_edited=&#8220;on|tablet&#8220; module_alignment=&#8220;left&#8220; header_font_size_tablet=&#8220;52px&#8220; header_font_size_phone=&#8220;40px&#8220; header_font_size_last_edited=&#8220;on|phone&#8220; header_2_font_size_tablet=&#8220;28px&#8220; header_2_font_size_phone=&#8220;24px&#8220; header_2_font_size_last_edited=&#8220;on|phone&#8220; global_colors_info=&#8220;{}&#8220;]<\/p>\n<h2 style=\"text-align: left;\">Entdecken Sie alle <br \/>unsere Reiseziele<\/h2>\n<p>[\/et_pb_text][et_pb_text _builder_version=&#8220;4.27.6&#8243; _module_preset=&#8220;default&#8220; text_font=&#8220;Manrope||||||||&#8220; text_text_color=&#8220;#6E6E73&#8243; text_font_size=&#8220;19px&#8220; text_letter_spacing=&#8220;-0.5px&#8220; text_line_height=&#8220;1.3em&#8220; header_2_font=&#8220;Italiana|700|||||||&#8220; header_2_text_color=&#8220;#FFFFFF&#8220; header_2_font_size=&#8220;32px&#8220; header_2_letter_spacing=&#8220;0.5px&#8220; header_2_line_height=&#8220;1.2em&#8220; max_width=&#8220;520px&#8220; module_alignment=&#8220;left&#8220; custom_margin=&#8220;||||false|false&#8220; header_font_size_tablet=&#8220;&#8220; header_font_size_phone=&#8220;28px&#8220; header_font_size_last_edited=&#8220;on|phone&#8220; header_2_font_size_tablet=&#8220;30px&#8220; header_2_font_size_phone=&#8220;28px&#8220; header_2_font_size_last_edited=&#8220;on|desktop&#8220; global_colors_info=&#8220;{}&#8220;]<\/p>\n<div class=\"text\">\n<div class=\"text\">\n<p data-start=\"706\" data-end=\"853\">Verpassen Sie nicht unsere Routen.<\/p>\n<\/div>\n<p><\/div>\n<p>[\/et_pb_text][et_pb_button button_url=&#8220;https:\/\/transfersjames.com\/de\/tarife\/&#8220; button_text=&#8220;Alle Reiseziele und Tarife anzeigen&#8220; _builder_version=&#8220;4.27.6&#8243; _module_preset=&#8220;default&#8220; custom_button=&#8220;on&#8220; button_text_size=&#8220;14px&#8220; button_text_color=&#8220;#FFFFFF&#8220; button_bg_color=&#8220;#1C1D1D&#8220; button_border_width=&#8220;0px&#8220; button_border_color=&#8220;#FFFFFF&#8220; button_border_radius=&#8220;30px&#8220; button_font=&#8220;Manrope|600|||||||&#8220; button_use_icon=&#8220;off&#8220; custom_margin=&#8220;20px||30px||false|false&#8220; custom_padding=&#8220;13px|35px|13px|35px|false|false&#8220; global_colors_info=&#8220;{}&#8220; button_bg_color__hover_enabled=&#8220;on|hover&#8220; button_bg_color__hover=&#8220;#E5E4E2&#8243; button_bg_enable_color__hover=&#8220;on&#8220; button_text_color__hover_enabled=&#8220;on|hover&#8220; button_text_color__hover=&#8220;#1C1D1D&#8220; button_border_color__hover_enabled=&#8220;on|hover&#8220; custom_padding__hover_enabled=&#8220;on|hover&#8220; button_border_color__hover=&#8220;#0e5075&#8243; custom_padding__hover=&#8220;13px|35px|13px|35px|true|true&#8220; button_icon_color__hover_enabled=&#8220;on|hover&#8220; button_icon_color__hover=&#8220;#B4E5FD&#8220; button_letter_spacing__hover_enabled=&#8220;on|hover&#8220; button_letter_spacing__hover=&#8220;0px&#8220;][\/et_pb_button][\/et_pb_column][\/et_pb_row][\/et_pb_section][et_pb_section fb_built=&#8220;1&#8243; custom_padding_last_edited=&#8220;on|tablet&#8220; module_id=&#8220;Kontakt&#8220; _builder_version=&#8220;4.27.6&#8243; _module_preset=&#8220;default&#8220; background_color=&#8220;rgba(56,59,62,0.1)&#8220; use_background_color_gradient=&#8220;on&#8220; background_color_gradient_stops=&#8220;rgba(17,19,25,0.45) 0%|rgba(17,19,25,0.45) 100%&#8220; background_color_gradient_overlays_image=&#8220;on&#8220; background_image=&#8220;https:\/\/transfersjames.com\/wp-content\/uploads\/2026\/04\/contacto.jpg&#8220; parallax=&#8220;on&#8220; custom_padding_tablet=&#8220;120px||120px||false|false&#8220; custom_padding_phone=&#8220;90px||90px||false|false&#8220; locked=&#8220;off&#8220; global_colors_info=&#8220;{}&#8220;][et_pb_row column_structure=&#8220;1_2,1_2&#8243; use_custom_gutter=&#8220;on&#8220; make_equal=&#8220;on&#8220; module_id=&#8220;Formulario&#8220; _builder_version=&#8220;4.27.6&#8243; _module_preset=&#8220;default&#8220; background_enable_color=&#8220;off&#8220; width=&#8220;90%&#8220; width_tablet=&#8220;90%&#8220; width_phone=&#8220;90%&#8220; width_last_edited=&#8220;on|tablet&#8220; max_width=&#8220;90%&#8220; max_width_tablet=&#8220;90%&#8220; max_width_phone=&#8220;90%&#8220; max_width_last_edited=&#8220;on|desktop&#8220; custom_margin=&#8220;0px||0px||true|false&#8220; custom_padding=&#8220;0px||0px||true|false&#8220; locked=&#8220;off&#8220; global_colors_info=&#8220;{}&#8220; custom_css_main_element_last_edited=&#8220;on|tablet&#8220; custom_css_main_element_phone=&#8220;display: inherit;||align-items: inherit;&#8220; custom_css_main_element_tablet=&#8220;display: inherit;||align-items: inherit;&#8220;][et_pb_column type=&#8220;1_2&#8243; _builder_version=&#8220;4.27.6&#8243; _module_preset=&#8220;default&#8220; background_color=&#8220;#FFFFFF&#8220; transform_translate=&#8220;0px|7px&#8220; transform_translate_linked=&#8220;off&#8220; custom_padding=&#8220;5%|3%|5%|3%|true|true&#8220; custom_padding_tablet=&#8220;&#8220; custom_padding_phone=&#8220;10%|6%|10%|6%|true|true&#8220; custom_padding_last_edited=&#8220;on|phone&#8220; border_radii=&#8220;on|10px|10px|10px|10px&#8220; global_colors_info=&#8220;{}&#8220; transform_styles__hover_enabled=&#8220;on|desktop&#8220; transform_translate__hover=&#8220;0px|7px&#8220; transform_translate__hover_enabled=&#8220;on|desktop&#8220; transform_scale__hover_enabled=&#8220;on|desktop&#8220; transform_rotate__hover_enabled=&#8220;on|desktop&#8220; transform_skew__hover_enabled=&#8220;on|desktop&#8220; transform_origin__hover_enabled=&#8220;on|desktop&#8220;][et_pb_text _builder_version=&#8220;4.27.6&#8243; _module_preset=&#8220;default&#8220; text_font=&#8220;Manrope|800||on|||||&#8220; text_text_color=&#8220;#6E6E73&#8243; text_font_size=&#8220;10px&#8220; text_letter_spacing=&#8220;1px&#8220; text_line_height=&#8220;1.2em&#8220; custom_margin=&#8220;||2%||false|false&#8220; text_line_height_tablet=&#8220;1.2em&#8220; text_line_height_phone=&#8220;1.3em&#8220; text_line_height_last_edited=&#8220;on|desktop&#8220; global_colors_info=&#8220;{}&#8220;]<\/p>\n<p class=\"titlecolor\" style=\"text-align: left;\">Individuelle Betreuung<\/p>\n<p>[\/et_pb_text][et_pb_text _builder_version=&#8220;4.27.6&#8243; _module_preset=&#8220;default&#8220; text_font=&#8220;Lato||||||||&#8220; text_text_color=&#8220;#FFFFFF&#8220; text_font_size=&#8220;18px&#8220; text_letter_spacing=&#8220;-0.5px&#8220; text_line_height=&#8220;1.4em&#8220; header_font=&#8220;Plus Jakarta Sans|300|||||||&#8220; header_text_color=&#8220;#e5e4e2&#8243; header_font_size=&#8220;56px&#8220; header_letter_spacing=&#8220;-1px&#8220; header_2_font=&#8220;Manrope|600|||||||&#8220; header_2_text_color=&#8220;#1C1D1D&#8220; header_2_font_size=&#8220;32px&#8220; header_2_letter_spacing=&#8220;-0.8px&#8220; header_2_line_height=&#8220;1.3em&#8220; header_5_font=&#8220;Lato|||on|||||&#8220; header_5_text_color=&#8220;#FFFFFF&#8220; header_5_font_size=&#8220;15px&#8220; header_5_letter_spacing=&#8220;0.5px&#8220; max_width=&#8220;700px&#8220; max_width_tablet=&#8220;100%&#8220; max_width_phone=&#8220;100%&#8220; max_width_last_edited=&#8220;on|tablet&#8220; module_alignment=&#8220;left&#8220; custom_margin=&#8220;||0px||false|false&#8220; custom_padding=&#8220;||0px||false|false&#8220; header_font_size_tablet=&#8220;52px&#8220; header_font_size_phone=&#8220;40px&#8220; header_font_size_last_edited=&#8220;on|phone&#8220; header_2_font_size_tablet=&#8220;28px&#8220; header_2_font_size_phone=&#8220;24px&#8220; header_2_font_size_last_edited=&#8220;on|phone&#8220; global_colors_info=&#8220;{}&#8220;]<\/p>\n<h2 style=\"text-align: left;\">Haben Sie Fragen oder Sonderw\u00fcnsche? <strong><span style=\"color: #6e6e73;\">Lass uns reden.<\/span><\/strong><\/h2>\n<p>[\/et_pb_text][et_pb_text _builder_version=&#8220;4.27.6&#8243; _module_preset=&#8220;default&#8220; text_font=&#8220;Manrope||||||||&#8220; text_text_color=&#8220;#6E6E73&#8243; text_font_size=&#8220;16px&#8220; text_letter_spacing=&#8220;-0.5px&#8220; text_line_height=&#8220;1.4em&#8220; header_2_font=&#8220;Plus Jakarta Sans|500|||||||&#8220; header_2_text_color=&#8220;#FFFFFF&#8220; header_2_font_size=&#8220;32px&#8220; header_2_letter_spacing=&#8220;-0.5px&#8220; header_2_line_height=&#8220;1.2em&#8220; max_width=&#8220;620px&#8220; module_alignment=&#8220;left&#8220; custom_margin=&#8220;0px||2%||false|false&#8220; header_font_size_tablet=&#8220;&#8220; header_font_size_phone=&#8220;28px&#8220; header_font_size_last_edited=&#8220;on|phone&#8220; header_2_font_size_tablet=&#8220;30px&#8220; header_2_font_size_phone=&#8220;28px&#8220; header_2_font_size_last_edited=&#8220;on|desktop&#8220; global_colors_info=&#8220;{}&#8220;]<\/p>\n<p data-start=\"72\" data-end=\"253\">Unser Team begleitet Sie gerne auf Ausfl\u00fcgen, Naturwanderungen oder Besuchen traditioneller M\u00e4rkte, um Ihnen die sch\u00f6nsten Seiten der Insel zu zeigen. <strong>Schreiben Sie uns, wir antworten Ihnen schnellstm\u00f6glich.<\/strong><\/p>\n<p>[\/et_pb_text][et_pb_button button_url=&#8220;https:\/\/transfersjames.com\/de\/kontakt\/#Formulario&#8220; button_text=&#8220;Zum Kontakt&#8220; _builder_version=&#8220;4.27.6&#8243; _module_preset=&#8220;default&#8220; custom_button=&#8220;on&#8220; button_text_size=&#8220;14px&#8220; button_text_color=&#8220;#FFFFFF&#8220; button_bg_color=&#8220;#1C1D1D&#8220; button_border_width=&#8220;0px&#8220; button_border_color=&#8220;#FFFFFF&#8220; button_border_radius=&#8220;30px&#8220; button_font=&#8220;Manrope|600|||||||&#8220; button_use_icon=&#8220;off&#8220; custom_margin=&#8220;20px||30px||false|false&#8220; custom_padding=&#8220;13px|35px|13px|35px|false|false&#8220; global_colors_info=&#8220;{}&#8220; button_text_color__hover=&#8220;#1C1D1D&#8220; button_text_color__hover_enabled=&#8220;on|hover&#8220; button_bg_color__hover=&#8220;#E5E4E2&#8243; button_bg_color__hover_enabled=&#8220;on|hover&#8220; button_border_color__hover=&#8220;#0e5075&#8243; button_border_color__hover_enabled=&#8220;on|hover&#8220; button_letter_spacing__hover=&#8220;0px&#8220; button_letter_spacing__hover_enabled=&#8220;on|hover&#8220; custom_padding__hover=&#8220;13px|35px|13px|35px|true|true&#8220; custom_padding__hover_enabled=&#8220;on|hover&#8220; button_icon_color__hover=&#8220;#B4E5FD&#8220; button_icon_color__hover_enabled=&#8220;on|hover&#8220;][\/et_pb_button][\/et_pb_column][et_pb_column type=&#8220;1_2&#8243; _builder_version=&#8220;4.27.4&#8243; _module_preset=&#8220;default&#8220; animation_style=&#8220;fade&#8220; animation_delay=&#8220;500ms&#8220; global_colors_info=&#8220;{}&#8220;][\/et_pb_column][\/et_pb_row][\/et_pb_section]<\/p>\n","protected":false},"excerpt":{"rendered":"<p>Reisen Sie stressfreizu den sch\u00f6nsten ReisezielenMallorca lockt jedes Jahr Reisende aus aller Welt an, weil es so vielf\u00e4ltige Landschaften und Erlebnisse bietet.REISEN OHNE KOMPLIKATIONENDie beliebtesten Reiseziele Die Insel vereint kristallklare Buchten mit Bergpfaden, exzellenten Golfpl\u00e4tzen und Radwegen. Neben der atemberaubenden Landschaft l\u00e4dt sie zum Verweilen in charmanten St\u00e4dtchen ein, wo man ziellos umherwandern und die [&hellip;]<\/p>\n","protected":false},"author":1,"featured_media":0,"parent":0,"menu_order":0,"comment_status":"closed","ping_status":"closed","template":"","meta":{"_et_pb_use_builder":"on","_et_pb_old_content":"","_et_gb_content_width":"","footnotes":""},"class_list":["post-464","page","type-page","status-publish","hentry"],"yoast_head":"<!-- This site is optimized with the Yoast SEO plugin v27.5 - https:\/\/yoast.com\/product\/yoast-seo-wordpress\/ -->\n<title>Reiseziele - TransfersJames<\/title>\n<meta name=\"robots\" content=\"index, follow, max-snippet:-1, max-image-preview:large, max-video-preview:-1\" \/>\n<link rel=\"canonical\" href=\"https:\/\/transfersjames.com\/de\/reiseziele\/\" \/>\n<meta property=\"og:locale\" content=\"de_DE\" \/>\n<meta property=\"og:type\" content=\"article\" \/>\n<meta property=\"og:title\" content=\"Reiseziele - TransfersJames\" \/>\n<meta property=\"og:description\" content=\"Reisen Sie stressfreizu den sch\u00f6nsten ReisezielenMallorca lockt jedes Jahr Reisende aus aller Welt an, weil es so vielf\u00e4ltige Landschaften und Erlebnisse bietet.REISEN OHNE KOMPLIKATIONENDie beliebtesten Reiseziele Die Insel vereint kristallklare Buchten mit Bergpfaden, exzellenten Golfpl\u00e4tzen und Radwegen. Neben der atemberaubenden Landschaft l\u00e4dt sie zum Verweilen in charmanten St\u00e4dtchen ein, wo man ziellos umherwandern und die [&hellip;]\" \/>\n<meta property=\"og:url\" content=\"https:\/\/transfersjames.com\/de\/reiseziele\/\" \/>\n<meta property=\"og:site_name\" content=\"TransfersJames\" \/>\n<meta property=\"article:modified_time\" content=\"2026-04-29T06:57:58+00:00\" \/>\n<meta name=\"twitter:card\" content=\"summary_large_image\" \/>\n<meta name=\"twitter:label1\" content=\"Gesch\u00e4tzte Lesezeit\" \/>\n\t<meta name=\"twitter:data1\" content=\"17\u00a0Minuten\" \/>\n<script type=\"application\/ld+json\" class=\"yoast-schema-graph\">{\"@context\":\"https:\\\/\\\/schema.org\",\"@graph\":[{\"@type\":\"WebPage\",\"@id\":\"https:\\\/\\\/transfersjames.com\\\/de\\\/reiseziele\\\/\",\"url\":\"https:\\\/\\\/transfersjames.com\\\/de\\\/reiseziele\\\/\",\"name\":\"Reiseziele - TransfersJames\",\"isPartOf\":{\"@id\":\"https:\\\/\\\/transfersjames.com\\\/de\\\/#website\"},\"datePublished\":\"2026-04-20T09:23:58+00:00\",\"dateModified\":\"2026-04-29T06:57:58+00:00\",\"breadcrumb\":{\"@id\":\"https:\\\/\\\/transfersjames.com\\\/de\\\/reiseziele\\\/#breadcrumb\"},\"inLanguage\":\"de\",\"potentialAction\":[{\"@type\":\"ReadAction\",\"target\":[\"https:\\\/\\\/transfersjames.com\\\/de\\\/reiseziele\\\/\"]}]},{\"@type\":\"BreadcrumbList\",\"@id\":\"https:\\\/\\\/transfersjames.com\\\/de\\\/reiseziele\\\/#breadcrumb\",\"itemListElement\":[{\"@type\":\"ListItem\",\"position\":1,\"name\":\"Portada\",\"item\":\"https:\\\/\\\/transfersjames.com\\\/de\\\/\"},{\"@type\":\"ListItem\",\"position\":2,\"name\":\"Reiseziele\"}]},{\"@type\":\"WebSite\",\"@id\":\"https:\\\/\\\/transfersjames.com\\\/de\\\/#website\",\"url\":\"https:\\\/\\\/transfersjames.com\\\/de\\\/\",\"name\":\"TransfersJames\",\"description\":\"Transfers desde el aeropuerto de Mallorca\",\"potentialAction\":[{\"@type\":\"SearchAction\",\"target\":{\"@type\":\"EntryPoint\",\"urlTemplate\":\"https:\\\/\\\/transfersjames.com\\\/de\\\/?s={search_term_string}\"},\"query-input\":{\"@type\":\"PropertyValueSpecification\",\"valueRequired\":true,\"valueName\":\"search_term_string\"}}],\"inLanguage\":\"de\"}]}<\/script>\n<!-- \/ Yoast SEO plugin. -->","yoast_head_json":{"title":"Reiseziele - TransfersJames","robots":{"index":"index","follow":"follow","max-snippet":"max-snippet:-1","max-image-preview":"max-image-preview:large","max-video-preview":"max-video-preview:-1"},"canonical":"https:\/\/transfersjames.com\/de\/reiseziele\/","og_locale":"de_DE","og_type":"article","og_title":"Reiseziele - TransfersJames","og_description":"Reisen Sie stressfreizu den sch\u00f6nsten ReisezielenMallorca lockt jedes Jahr Reisende aus aller Welt an, weil es so vielf\u00e4ltige Landschaften und Erlebnisse bietet.REISEN OHNE KOMPLIKATIONENDie beliebtesten Reiseziele Die Insel vereint kristallklare Buchten mit Bergpfaden, exzellenten Golfpl\u00e4tzen und Radwegen. Neben der atemberaubenden Landschaft l\u00e4dt sie zum Verweilen in charmanten St\u00e4dtchen ein, wo man ziellos umherwandern und die [&hellip;]","og_url":"https:\/\/transfersjames.com\/de\/reiseziele\/","og_site_name":"TransfersJames","article_modified_time":"2026-04-29T06:57:58+00:00","twitter_card":"summary_large_image","twitter_misc":{"Gesch\u00e4tzte Lesezeit":"17\u00a0Minuten"},"schema":{"@context":"https:\/\/schema.org","@graph":[{"@type":"WebPage","@id":"https:\/\/transfersjames.com\/de\/reiseziele\/","url":"https:\/\/transfersjames.com\/de\/reiseziele\/","name":"Reiseziele - TransfersJames","isPartOf":{"@id":"https:\/\/transfersjames.com\/de\/#website"},"datePublished":"2026-04-20T09:23:58+00:00","dateModified":"2026-04-29T06:57:58+00:00","breadcrumb":{"@id":"https:\/\/transfersjames.com\/de\/reiseziele\/#breadcrumb"},"inLanguage":"de","potentialAction":[{"@type":"ReadAction","target":["https:\/\/transfersjames.com\/de\/reiseziele\/"]}]},{"@type":"BreadcrumbList","@id":"https:\/\/transfersjames.com\/de\/reiseziele\/#breadcrumb","itemListElement":[{"@type":"ListItem","position":1,"name":"Portada","item":"https:\/\/transfersjames.com\/de\/"},{"@type":"ListItem","position":2,"name":"Reiseziele"}]},{"@type":"WebSite","@id":"https:\/\/transfersjames.com\/de\/#website","url":"https:\/\/transfersjames.com\/de\/","name":"TransfersJames","description":"Transfers desde el aeropuerto de Mallorca","potentialAction":[{"@type":"SearchAction","target":{"@type":"EntryPoint","urlTemplate":"https:\/\/transfersjames.com\/de\/?s={search_term_string}"},"query-input":{"@type":"PropertyValueSpecification","valueRequired":true,"valueName":"search_term_string"}}],"inLanguage":"de"}]}},"_links":{"self":[{"href":"https:\/\/transfersjames.com\/de\/wp-json\/wp\/v2\/pages\/464","targetHints":{"allow":["GET"]}}],"collection":[{"href":"https:\/\/transfersjames.com\/de\/wp-json\/wp\/v2\/pages"}],"about":[{"href":"https:\/\/transfersjames.com\/de\/wp-json\/wp\/v2\/types\/page"}],"author":[{"embeddable":true,"href":"https:\/\/transfersjames.com\/de\/wp-json\/wp\/v2\/users\/1"}],"replies":[{"embeddable":true,"href":"https:\/\/transfersjames.com\/de\/wp-json\/wp\/v2\/comments?post=464"}],"version-history":[{"count":12,"href":"https:\/\/transfersjames.com\/de\/wp-json\/wp\/v2\/pages\/464\/revisions"}],"predecessor-version":[{"id":557,"href":"https:\/\/transfersjames.com\/de\/wp-json\/wp\/v2\/pages\/464\/revisions\/557"}],"wp:attachment":[{"href":"https:\/\/transfersjames.com\/de\/wp-json\/wp\/v2\/media?parent=464"}],"curies":[{"name":"wp","href":"https:\/\/api.w.org\/{rel}","templated":true}]}}